{"id":1320,"date":"2026-04-29T02:40:19","date_gmt":"2026-04-29T02:40:19","guid":{"rendered":"https:\/\/www.costabravainmobiliaria.com\/agence-immobiliere-sur-la-costa-brava\/"},"modified":"2026-04-29T02:44:20","modified_gmt":"2026-04-29T02:44:20","slug":"agence-immobiliere-sur-la-costa-brava","status":"publish","type":"page","link":"https:\/\/www.costabravainmobiliaria.com\/fr\/","title":{"rendered":"Agence immobili\u00e8re sur la Costa Brava"},"content":{"rendered":"\t\t<div data-elementor-type=\"wp-page\" data-elementor-id=\"1320\" class=\"elementor elementor-1320 elementor-84\" data-elementor-post-type=\"page\">\n\t\t\t\t\t\t<section class=\"elementor-section elementor-top-section elementor-element elementor-element-880a767 elementor-section-content-top elementor-section-full_width elementor-section-height-default elementor-section-height-default\" data-id=\"880a767\" data-element_type=\"section\" data-e-type=\"section\" id=\"banner-valorador\" data-settings=\"{&quot;background_background&quot;:&quot;classic&quot;}\">\n\t\t\t\t\t\t<div class=\"elementor-container elementor-column-gap-no\">\n\t\t\t\t\t<div class=\"elementor-column elementor-col-100 elementor-top-column elementor-element elementor-element-3aa7a2e\" data-id=\"3aa7a2e\" data-element_type=\"column\" data-e-type=\"column\">\n\t\t\t<div class=\"elementor-widget-wrap elementor-element-populated\">\n\t\t\t\t\t\t<div class=\"elementor-element elementor-element-d0533ce elementor--h-position-center elementor--v-position-middle elementor-arrows-position-inside elementor-pagination-position-inside elementor-widget elementor-widget-slides\" data-id=\"d0533ce\" data-element_type=\"widget\" data-e-type=\"widget\" data-settings=\"{&quot;navigation&quot;:&quot;both&quot;,&quot;autoplay&quot;:&quot;yes&quot;,&quot;pause_on_hover&quot;:&quot;yes&quot;,&quot;pause_on_interaction&quot;:&quot;yes&quot;,&quot;autoplay_speed&quot;:5000,&quot;infinite&quot;:&quot;yes&quot;,&quot;transition&quot;:&quot;slide&quot;,&quot;transition_speed&quot;:500}\" data-widget_type=\"slides.default\">\n\t\t\t\t<div class=\"elementor-widget-container\">\n\t\t\t\t\t\t\t\t\t<div class=\"elementor-swiper\">\n\t\t\t\t\t<div class=\"elementor-slides-wrapper elementor-main-swiper swiper\" role=\"region\" aria-roledescription=\"carousel\" aria-label=\"Slides\" dir=\"ltr\" data-animation=\"fadeInUp\">\n\t\t\t\t<div class=\"swiper-wrapper elementor-slides\">\n\t\t\t\t\t\t\t\t\t\t<div class=\"elementor-repeater-item-c1c173f swiper-slide\" role=\"group\" aria-roledescription=\"slide\"><div class=\"swiper-slide-bg elementor-ken-burns elementor-ken-burns--out\" role=\"img\" aria-label=\"\"><\/div><div class=\"elementor-background-overlay\"><\/div><a class=\"swiper-slide-inner\" href=\"https:\/\/www.finquescostabrava.es\/venta\/\" target=\"_blank\"><div class=\"swiper-slide-contents\"><div class=\"elementor-slide-heading\">Plus d'une centaine de propri\u00e9t\u00e9s disponibles sur la Costa Brava<\/div><div class=\"elementor-slide-description\"><p>D\u00e9couvrez votre future maison sur la Costa Brava<\/p>\n<\/div><div  class=\"elementor-button elementor-slide-button elementor-size-sm\">VOIR LES BIENS<\/div><\/div><\/a><\/div>\t\t\t\t<\/div>\n\t\t\t\t\t\t\t<\/div>\n\t\t\t\t<\/div>\n\t\t\t\t\t\t\t\t<\/div>\n\t\t\t\t<\/div>\n\t\t\t\t\t<\/div>\n\t\t<\/div>\n\t\t\t\t\t<\/div>\n\t\t<\/section>\n\t\t\t\t<section class=\"elementor-section elementor-top-section elementor-element elementor-element-6c082dca elementor-section-content-top elementor-section-boxed elementor-section-height-default elementor-section-height-default\" data-id=\"6c082dca\" data-element_type=\"section\" data-e-type=\"section\" data-settings=\"{&quot;background_background&quot;:&quot;classic&quot;}\">\n\t\t\t\t\t\t<div class=\"elementor-container elementor-column-gap-default\">\n\t\t\t\t\t<div class=\"elementor-column elementor-col-100 elementor-top-column elementor-element elementor-element-f3a132b\" data-id=\"f3a132b\" data-element_type=\"column\" data-e-type=\"column\">\n\t\t\t<div class=\"elementor-widget-wrap elementor-element-populated\">\n\t\t\t\t\t\t<div class=\"elementor-element elementor-element-2d56112 elementor-grid-3 elementor-grid-tablet-2 elementor-grid-mobile-1 elementor-posts--thumbnail-top elementor-card-shadow-yes elementor-posts__hover-gradient elementor-widget elementor-widget-posts\" data-id=\"2d56112\" data-element_type=\"widget\" data-e-type=\"widget\" data-settings=\"{&quot;cards_masonry&quot;:&quot;yes&quot;,&quot;cards_columns&quot;:&quot;3&quot;,&quot;cards_columns_tablet&quot;:&quot;2&quot;,&quot;cards_columns_mobile&quot;:&quot;1&quot;,&quot;cards_row_gap&quot;:{&quot;unit&quot;:&quot;px&quot;,&quot;size&quot;:35,&quot;sizes&quot;:[]},&quot;cards_row_gap_tablet&quot;:{&quot;unit&quot;:&quot;px&quot;,&quot;size&quot;:&quot;&quot;,&quot;sizes&quot;:[]},&quot;cards_row_gap_mobile&quot;:{&quot;unit&quot;:&quot;px&quot;,&quot;size&quot;:&quot;&quot;,&quot;sizes&quot;:[]}}\" data-widget_type=\"posts.cards\">\n\t\t\t\t<div class=\"elementor-widget-container\">\n\t\t\t\t\t\t\t<div class=\"elementor-posts-container elementor-posts elementor-posts--skin-cards elementor-grid\" role=\"list\">\n\t\t\t\t<article class=\"elementor-post elementor-grid-item post-1334 post type-post status-publish format-standard has-post-thumbnail hentry category-non-classifiee\" role=\"listitem\">\n\t\t\t<div class=\"elementor-post__card\">\n\t\t\t\t<a class=\"elementor-post__thumbnail__link\" href=\"https:\/\/www.costabravainmobiliaria.com\/fr\/quels-sont-les-impots-a-payer-lors-de-lachat-dune-maison-en-catalogne\/\" tabindex=\"-1\" ><div class=\"elementor-post__thumbnail\"><img fetchpriority=\"high\" decoding=\"async\" width=\"300\" height=\"188\" src=\"https:\/\/www.costabravainmobiliaria.com\/wp-content\/uploads\/2026\/04\/Que-impuestos-se-pagan-al-comprar-una-vivienda-en-Cataluna-300x188.png\" class=\"attachment-medium size-medium wp-image-1333\" alt=\"\" srcset=\"https:\/\/www.costabravainmobiliaria.com\/wp-content\/uploads\/2026\/04\/Que-impuestos-se-pagan-al-comprar-una-vivienda-en-Cataluna-300x188.png 300w, https:\/\/www.costabravainmobiliaria.com\/wp-content\/uploads\/2026\/04\/Que-impuestos-se-pagan-al-comprar-una-vivienda-en-Cataluna-768x480.png 768w, https:\/\/www.costabravainmobiliaria.com\/wp-content\/uploads\/2026\/04\/Que-impuestos-se-pagan-al-comprar-una-vivienda-en-Cataluna.png 800w\" sizes=\"(max-width: 300px) 100vw, 300px\" \/><\/div><\/a>\n\t\t\t\t<div class=\"elementor-post__text\">\n\t\t\t\t<h3 class=\"elementor-post__title\">\n\t\t\t<a href=\"https:\/\/www.costabravainmobiliaria.com\/fr\/quels-sont-les-impots-a-payer-lors-de-lachat-dune-maison-en-catalogne\/\" >\n\t\t\t\tQuels sont les imp\u00f4ts \u00e0 payer lors de l&rsquo;achat d&rsquo;une maison en Catalogne\u00a0?\t\t\t<\/a>\n\t\t<\/h3>\n\t\t\t\t<div class=\"elementor-post__excerpt\">\n\t\t\t<p>L\u2019achat d\u2019une maison est l\u2019une des d\u00e9cisions financi\u00e8res les plus importantes, et l\u2019un des aspects qui suscite le plus de doutes concerne les taxes li\u00e9es \u00e0 la transaction. Chez Finques Costa Brava, en tant qu&rsquo;agence immobili\u00e8re \u00e0 Tamariu et Palafrugell, nous aidons quotidiennement nos clients \u00e0 comprendre tous les co\u00fbts<\/p>\n\t\t<\/div>\n\t\t\n\t\t<a class=\"elementor-post__read-more\" href=\"https:\/\/www.costabravainmobiliaria.com\/fr\/quels-sont-les-impots-a-payer-lors-de-lachat-dune-maison-en-catalogne\/\" aria-label=\"Read more about Quels sont les imp\u00f4ts \u00e0 payer lors de l&rsquo;achat d&rsquo;une maison en Catalogne\u00a0?\" tabindex=\"-1\" >\n\t\t\tEn savoir plus \"\t\t<\/a>\n\n\t\t\t\t<\/div>\n\t\t\t\t<div class=\"elementor-post__meta-data\">\n\t\t\t\t\t<span class=\"elementor-post-date\">\n\t\t\t29 avril 2026\t\t<\/span>\n\t\t\t\t<\/div>\n\t\t\t\t\t<\/div>\n\t\t<\/article>\n\t\t\t\t<\/div>\n\t\t\n\t\t\t\t\t\t<\/div>\n\t\t\t\t<\/div>\n\t\t\t\t\t<\/div>\n\t\t<\/div>\n\t\t\t\t\t<\/div>\n\t\t<\/section>\n\t\t\t\t<\/div>\n\t\t","protected":false},"excerpt":{"rendered":"<p>Plus d&rsquo;une centaine de propri\u00e9t\u00e9s disponibles sur la Costa Brava D\u00e9couvrez votre future maison sur la Costa Brava VOIR LES BIENS<\/p>\n","protected":false},"author":1,"featured_media":0,"parent":0,"menu_order":0,"comment_status":"closed","ping_status":"closed","template":"","meta":{"site-sidebar-layout":"no-sidebar","site-content-layout":"page-builder","ast-site-content-layout":"default","site-content-style":"default","site-sidebar-style":"default","ast-global-header-display":"","ast-banner-title-visibility":"","ast-main-header-display":"","ast-hfb-above-header-display":"","ast-hfb-below-header-display":"","ast-hfb-mobile-header-display":"","site-post-title":"disabled","ast-breadcrumbs-content":"","ast-featured-img":"disabled","footer-sml-layout":"","ast-disable-related-posts":"","theme-transparent-header-meta":"default","adv-header-id-meta":"","stick-header-meta":"","header-above-stick-meta":"","header-main-stick-meta":"","header-below-stick-meta":"","astra-migrate-meta-layouts":"default","ast-page-background-enabled":"default","ast-page-background-meta":{"desktop":{"background-color":"var(--ast-global-color-4)","background-image":"","background-repeat":"repeat","background-position":"center center","background-size":"auto","background-attachment":"scroll","background-type":"","background-media":"","overlay-type":"","overlay-color":"","overlay-opacity":"","overlay-gradient":""},"tablet":{"background-color":"","background-image":"","background-repeat":"repeat","background-position":"center center","background-size":"auto","background-attachment":"scroll","background-type":"","background-media":"","overlay-type":"","overlay-color":"","overlay-opacity":"","overlay-gradient":""},"mobile":{"background-color":"","background-image":"","background-repeat":"repeat","background-position":"center center","background-size":"auto","background-attachment":"scroll","background-type":"","background-media":"","overlay-type":"","overlay-color":"","overlay-opacity":"","overlay-gradient":""}},"ast-content-background-meta":{"desktop":{"background-color":"var(--ast-global-color-5)","background-image":"","background-repeat":"repeat","background-position":"center center","background-size":"auto","background-attachment":"scroll","background-type":"","background-media":"","overlay-type":"","overlay-color":"","overlay-opacity":"","overlay-gradient":""},"tablet":{"background-color":"var(--ast-global-color-5)","background-image":"","background-repeat":"repeat","background-position":"center center","background-size":"auto","background-attachment":"scroll","background-type":"","background-media":"","overlay-type":"","overlay-color":"","overlay-opacity":"","overlay-gradient":""},"mobile":{"background-color":"var(--ast-global-color-5)","background-image":"","background-repeat":"repeat","background-position":"center center","background-size":"auto","background-attachment":"scroll","background-type":"","background-media":"","overlay-type":"","overlay-color":"","overlay-opacity":"","overlay-gradient":""}},"footnotes":""},"class_list":["post-1320","page","type-page","status-publish","hentry"],"yoast_head":"<!-- This site is optimized with the Yoast SEO plugin v27.5 - https:\/\/yoast.com\/product\/yoast-seo-wordpress\/ -->\n<title>Agence immobili\u00e8re sur la Costa Brava &#8226; Finques JORDI TAN\u00c9<\/title>\n<meta name=\"description\" content=\"Nous proposons les plus beaux biens immobiliers \u00e0 acheter, vendre ou louer sur la Costa Brava. Notre \u00e9quipe hautement professionnelle vous accompagnera \u00e0 chaque \u00e9tape.\" \/>\n<meta name=\"robots\" content=\"index, follow, max-snippet:-1, max-image-preview:large, max-video-preview:-1\" \/>\n<link rel=\"canonical\" href=\"https:\/\/www.costabravainmobiliaria.com\/fr\/\" \/>\n<meta property=\"og:locale\" content=\"fr_FR\" \/>\n<meta property=\"og:type\" content=\"article\" \/>\n<meta property=\"og:title\" content=\"Agence immobili\u00e8re sur la Costa Brava &#8226; Finques JORDI TAN\u00c9\" \/>\n<meta property=\"og:description\" content=\"Nous proposons les plus beaux biens immobiliers \u00e0 acheter, vendre ou louer sur la Costa Brava. Notre \u00e9quipe hautement professionnelle vous accompagnera \u00e0 chaque \u00e9tape.\" \/>\n<meta property=\"og:url\" content=\"https:\/\/www.costabravainmobiliaria.com\/fr\/\" \/>\n<meta property=\"og:site_name\" content=\"Finques JORDI TAN\u00c9\" \/>\n<meta property=\"article:modified_time\" content=\"2026-04-29T02:44:20+00:00\" \/>\n<meta name=\"twitter:card\" content=\"summary_large_image\" \/>\n<script type=\"application\/ld+json\" class=\"yoast-schema-graph\">{\"@context\":\"https:\\\/\\\/schema.org\",\"@graph\":[{\"@type\":\"WebPage\",\"@id\":\"https:\\\/\\\/www.costabravainmobiliaria.com\\\/fr\\\/\",\"url\":\"https:\\\/\\\/www.costabravainmobiliaria.com\\\/fr\\\/\",\"name\":\"Agence immobili\u00e8re sur la Costa Brava &#8226; Finques JORDI TAN\u00c9\",\"isPartOf\":{\"@id\":\"https:\\\/\\\/www.costabravainmobiliaria.com\\\/fr\\\/#website\"},\"datePublished\":\"2026-04-29T02:40:19+00:00\",\"dateModified\":\"2026-04-29T02:44:20+00:00\",\"description\":\"Nous proposons les plus beaux biens immobiliers \u00e0 acheter, vendre ou louer sur la Costa Brava. Notre \u00e9quipe hautement professionnelle vous accompagnera \u00e0 chaque \u00e9tape.\",\"breadcrumb\":{\"@id\":\"https:\\\/\\\/www.costabravainmobiliaria.com\\\/fr\\\/#breadcrumb\"},\"inLanguage\":\"fr-FR\",\"potentialAction\":[{\"@type\":\"ReadAction\",\"target\":[\"https:\\\/\\\/www.costabravainmobiliaria.com\\\/fr\\\/\"]}]},{\"@type\":\"BreadcrumbList\",\"@id\":\"https:\\\/\\\/www.costabravainmobiliaria.com\\\/fr\\\/#breadcrumb\",\"itemListElement\":[{\"@type\":\"ListItem\",\"position\":1,\"name\":\"Portada\",\"item\":\"https:\\\/\\\/www.costabravainmobiliaria.com\\\/fr\\\/\"},{\"@type\":\"ListItem\",\"position\":2,\"name\":\"Agence immobili\u00e8re sur la Costa Brava\"}]},{\"@type\":\"WebSite\",\"@id\":\"https:\\\/\\\/www.costabravainmobiliaria.com\\\/fr\\\/#website\",\"url\":\"https:\\\/\\\/www.costabravainmobiliaria.com\\\/fr\\\/\",\"name\":\"Finques JORDI TAN\u00c9\",\"description\":\"Inmobiliaria dans l&#039;Alt Empord\u00e0\",\"publisher\":{\"@id\":\"https:\\\/\\\/www.costabravainmobiliaria.com\\\/fr\\\/#organization\"},\"potentialAction\":[{\"@type\":\"SearchAction\",\"target\":{\"@type\":\"EntryPoint\",\"urlTemplate\":\"https:\\\/\\\/www.costabravainmobiliaria.com\\\/fr\\\/?s={search_term_string}\"},\"query-input\":{\"@type\":\"PropertyValueSpecification\",\"valueRequired\":true,\"valueName\":\"search_term_string\"}}],\"inLanguage\":\"fr-FR\"},{\"@type\":\"Organization\",\"@id\":\"https:\\\/\\\/www.costabravainmobiliaria.com\\\/fr\\\/#organization\",\"name\":\"Finques JORDI TAN\u00c9\",\"url\":\"https:\\\/\\\/www.costabravainmobiliaria.com\\\/fr\\\/\",\"logo\":{\"@type\":\"ImageObject\",\"inLanguage\":\"fr-FR\",\"@id\":\"https:\\\/\\\/www.costabravainmobiliaria.com\\\/fr\\\/#\\\/schema\\\/logo\\\/image\\\/\",\"url\":\"https:\\\/\\\/costabravainmobiliaria.com\\\/wp-content\\\/uploads\\\/2021\\\/06\\\/logo.png\",\"contentUrl\":\"https:\\\/\\\/costabravainmobiliaria.com\\\/wp-content\\\/uploads\\\/2021\\\/06\\\/logo.png\",\"width\":180,\"height\":80,\"caption\":\"Finques JORDI TAN\u00c9\"},\"image\":{\"@id\":\"https:\\\/\\\/www.costabravainmobiliaria.com\\\/fr\\\/#\\\/schema\\\/logo\\\/image\\\/\"}}]}<\/script>\n<!-- \/ Yoast SEO plugin. -->","yoast_head_json":{"title":"Agence immobili\u00e8re sur la Costa Brava &#8226; Finques JORDI TAN\u00c9","description":"Nous proposons les plus beaux biens immobiliers \u00e0 acheter, vendre ou louer sur la Costa Brava. Notre \u00e9quipe hautement professionnelle vous accompagnera \u00e0 chaque \u00e9tape.","robots":{"index":"index","follow":"follow","max-snippet":"max-snippet:-1","max-image-preview":"max-image-preview:large","max-video-preview":"max-video-preview:-1"},"canonical":"https:\/\/www.costabravainmobiliaria.com\/fr\/","og_locale":"fr_FR","og_type":"article","og_title":"Agence immobili\u00e8re sur la Costa Brava &#8226; Finques JORDI TAN\u00c9","og_description":"Nous proposons les plus beaux biens immobiliers \u00e0 acheter, vendre ou louer sur la Costa Brava. Notre \u00e9quipe hautement professionnelle vous accompagnera \u00e0 chaque \u00e9tape.","og_url":"https:\/\/www.costabravainmobiliaria.com\/fr\/","og_site_name":"Finques JORDI TAN\u00c9","article_modified_time":"2026-04-29T02:44:20+00:00","twitter_card":"summary_large_image","schema":{"@context":"https:\/\/schema.org","@graph":[{"@type":"WebPage","@id":"https:\/\/www.costabravainmobiliaria.com\/fr\/","url":"https:\/\/www.costabravainmobiliaria.com\/fr\/","name":"Agence immobili\u00e8re sur la Costa Brava &#8226; Finques JORDI TAN\u00c9","isPartOf":{"@id":"https:\/\/www.costabravainmobiliaria.com\/fr\/#website"},"datePublished":"2026-04-29T02:40:19+00:00","dateModified":"2026-04-29T02:44:20+00:00","description":"Nous proposons les plus beaux biens immobiliers \u00e0 acheter, vendre ou louer sur la Costa Brava. Notre \u00e9quipe hautement professionnelle vous accompagnera \u00e0 chaque \u00e9tape.","breadcrumb":{"@id":"https:\/\/www.costabravainmobiliaria.com\/fr\/#breadcrumb"},"inLanguage":"fr-FR","potentialAction":[{"@type":"ReadAction","target":["https:\/\/www.costabravainmobiliaria.com\/fr\/"]}]},{"@type":"BreadcrumbList","@id":"https:\/\/www.costabravainmobiliaria.com\/fr\/#breadcrumb","itemListElement":[{"@type":"ListItem","position":1,"name":"Portada","item":"https:\/\/www.costabravainmobiliaria.com\/fr\/"},{"@type":"ListItem","position":2,"name":"Agence immobili\u00e8re sur la Costa Brava"}]},{"@type":"WebSite","@id":"https:\/\/www.costabravainmobiliaria.com\/fr\/#website","url":"https:\/\/www.costabravainmobiliaria.com\/fr\/","name":"Finques JORDI TAN\u00c9","description":"Inmobiliaria dans l&#039;Alt Empord\u00e0","publisher":{"@id":"https:\/\/www.costabravainmobiliaria.com\/fr\/#organization"},"potentialAction":[{"@type":"SearchAction","target":{"@type":"EntryPoint","urlTemplate":"https:\/\/www.costabravainmobiliaria.com\/fr\/?s={search_term_string}"},"query-input":{"@type":"PropertyValueSpecification","valueRequired":true,"valueName":"search_term_string"}}],"inLanguage":"fr-FR"},{"@type":"Organization","@id":"https:\/\/www.costabravainmobiliaria.com\/fr\/#organization","name":"Finques JORDI TAN\u00c9","url":"https:\/\/www.costabravainmobiliaria.com\/fr\/","logo":{"@type":"ImageObject","inLanguage":"fr-FR","@id":"https:\/\/www.costabravainmobiliaria.com\/fr\/#\/schema\/logo\/image\/","url":"https:\/\/costabravainmobiliaria.com\/wp-content\/uploads\/2021\/06\/logo.png","contentUrl":"https:\/\/costabravainmobiliaria.com\/wp-content\/uploads\/2021\/06\/logo.png","width":180,"height":80,"caption":"Finques JORDI TAN\u00c9"},"image":{"@id":"https:\/\/www.costabravainmobiliaria.com\/fr\/#\/schema\/logo\/image\/"}}]}},"_links":{"self":[{"href":"https:\/\/www.costabravainmobiliaria.com\/fr\/wp-json\/wp\/v2\/pages\/1320","targetHints":{"allow":["GET"]}}],"collection":[{"href":"https:\/\/www.costabravainmobiliaria.com\/fr\/wp-json\/wp\/v2\/pages"}],"about":[{"href":"https:\/\/www.costabravainmobiliaria.com\/fr\/wp-json\/wp\/v2\/types\/page"}],"author":[{"embeddable":true,"href":"https:\/\/www.costabravainmobiliaria.com\/fr\/wp-json\/wp\/v2\/users\/1"}],"replies":[{"embeddable":true,"href":"https:\/\/www.costabravainmobiliaria.com\/fr\/wp-json\/wp\/v2\/comments?post=1320"}],"version-history":[{"count":4,"href":"https:\/\/www.costabravainmobiliaria.com\/fr\/wp-json\/wp\/v2\/pages\/1320\/revisions"}],"predecessor-version":[{"id":1327,"href":"https:\/\/www.costabravainmobiliaria.com\/fr\/wp-json\/wp\/v2\/pages\/1320\/revisions\/1327"}],"wp:attachment":[{"href":"https:\/\/www.costabravainmobiliaria.com\/fr\/wp-json\/wp\/v2\/media?parent=1320"}],"curies":[{"name":"wp","href":"https:\/\/api.w.org\/{rel}","templated":true}]}}